{"id":6,"date":"2020-09-05T13:35:46","date_gmt":"2020-09-05T13:35:46","guid":{"rendered":"http:\/\/www.jungfraeiske-maeinskup.frl\/?page_id=6"},"modified":"2025-12-16T12:33:10","modified_gmt":"2025-12-16T10:33:10","slug":"us-foorstand","status":"publish","type":"page","link":"https:\/\/www.jungfraeiske-maeinskup.frl\/de\/feraein\/us-foorstand\/","title":{"rendered":"Unser Vorstand"},"content":{"rendered":"\n<div class=\"wp-block-columns is-layout-flex wp-container-core-columns-is-layout-9d6595d7 wp-block-columns-is-layout-flex\">\n<div class=\"wp-block-column is-layout-flow wp-block-column-is-layout-flow\" style=\"flex-basis:20%\">\n<figure class=\"wp-block-image size-full is-resized\"><img loading=\"lazy\" decoding=\"async\" width=\"585\" height=\"772\" src=\"https:\/\/www.jungfraeiske-maeinskup.frl\/wp-content\/uploads\/2024\/02\/IMG-20230716-WA0000-edited-4.jpg\" alt=\"\" class=\"wp-image-2171\" style=\"width:145px;height:auto\" srcset=\"https:\/\/www.jungfraeiske-maeinskup.frl\/wp-content\/uploads\/2024\/02\/IMG-20230716-WA0000-edited-4.jpg 585w, https:\/\/www.jungfraeiske-maeinskup.frl\/wp-content\/uploads\/2024\/02\/IMG-20230716-WA0000-edited-4-227x300.jpg 227w\" sizes=\"auto, (max-width: 585px) 100vw, 585px\" \/><\/figure>\n<\/div>\n\n\n\n<div class=\"wp-block-column is-layout-flow wp-block-column-is-layout-flow\">\n<p class=\"has-medium-font-size\">Tido Specht<br>1. Vorsitzender<\/p>\n<\/div>\n<\/div>\n\n\n\n<div class=\"wp-block-columns is-layout-flex wp-container-core-columns-is-layout-9d6595d7 wp-block-columns-is-layout-flex\">\n<div class=\"wp-block-column is-layout-flow wp-block-column-is-layout-flow\" style=\"flex-basis:20%\">\n<figure class=\"wp-block-image size-full is-resized\"><img loading=\"lazy\" decoding=\"async\" width=\"810\" height=\"1080\" src=\"https:\/\/www.jungfraeiske-maeinskup.frl\/wp-content\/uploads\/2024\/02\/WhatsApp-Image-2024-02-18-at-20.32.59-1-edited.jpeg\" alt=\"\" class=\"wp-image-2332\" style=\"width:145px;height:auto\" srcset=\"https:\/\/www.jungfraeiske-maeinskup.frl\/wp-content\/uploads\/2024\/02\/WhatsApp-Image-2024-02-18-at-20.32.59-1-edited.jpeg 810w, https:\/\/www.jungfraeiske-maeinskup.frl\/wp-content\/uploads\/2024\/02\/WhatsApp-Image-2024-02-18-at-20.32.59-1-edited-225x300.jpeg 225w, https:\/\/www.jungfraeiske-maeinskup.frl\/wp-content\/uploads\/2024\/02\/WhatsApp-Image-2024-02-18-at-20.32.59-1-edited-768x1024.jpeg 768w\" sizes=\"auto, (max-width: 810px) 100vw, 810px\" \/><\/figure>\n<\/div>\n\n\n\n<div class=\"wp-block-column is-layout-flow wp-block-column-is-layout-flow\">\n<p class=\"has-medium-font-size\">Wolter Jetten<br>2. Vorsitzender<\/p>\n<\/div>\n<\/div>\n\n\n\n<div class=\"wp-block-columns is-layout-flex wp-container-core-columns-is-layout-9d6595d7 wp-block-columns-is-layout-flex\">\n<div class=\"wp-block-column is-layout-flow wp-block-column-is-layout-flow\" style=\"flex-basis:20%\">\n<figure class=\"wp-block-image size-full is-resized\"><img loading=\"lazy\" decoding=\"async\" width=\"1000\" height=\"1333\" src=\"https:\/\/www.jungfraeiske-maeinskup.frl\/wp-content\/uploads\/2024\/02\/20220830_124701-edited-7-rotated.jpg\" alt=\"\" class=\"wp-image-2328\" style=\"width:145px;height:auto\" srcset=\"https:\/\/www.jungfraeiske-maeinskup.frl\/wp-content\/uploads\/2024\/02\/20220830_124701-edited-7-rotated.jpg 1000w, https:\/\/www.jungfraeiske-maeinskup.frl\/wp-content\/uploads\/2024\/02\/20220830_124701-edited-7-225x300.jpg 225w, https:\/\/www.jungfraeiske-maeinskup.frl\/wp-content\/uploads\/2024\/02\/20220830_124701-edited-7-768x1024.jpg 768w\" sizes=\"auto, (max-width: 1000px) 100vw, 1000px\" \/><\/figure>\n<\/div>\n\n\n\n<div class=\"wp-block-column is-layout-flow wp-block-column-is-layout-flow\">\n<p class=\"has-medium-font-size\">Onno Dirk Feldmann<br>Schriftf\u00fchrer<br><\/p>\n<\/div>\n<\/div>\n\n\n\n<p class=\"has-medium-font-size\">Kontakt: <a href=\"mailto:vorstand@jungfraeiske-maeinskup.frl\">vorstand@jungfraeiske-maeinskup.frl<\/a><\/p>\n","protected":false},"excerpt":{"rendered":"<p>Tido Specht1. Vorsitzender Wolter Jetten2. Vorsitzender Onno Dirk FeldmannSchriftf\u00fchrer Kontakt: vorstand@jungfraeiske-maeinskup.frl<\/p>\n","protected":false},"author":1,"featured_media":0,"parent":265,"menu_order":0,"comment_status":"closed","ping_status":"closed","template":"","meta":{"footnotes":""},"class_list":["post-6","page","type-page","status-publish","hentry"],"translation":{"provider":"WPGlobus","version":"3.0.2","language":"de","enabled_languages":["fs","de","en"],"languages":{"fs":{"title":true,"content":true,"excerpt":false},"de":{"title":true,"content":true,"excerpt":false},"en":{"title":true,"content":true,"excerpt":false}}},"yoast_head":"<!-- This site is optimized with the Yoast SEO plugin v27.1 - https:\/\/yoast.com\/product\/yoast-seo-wordpress\/ -->\n<title>Unser Vorstand - Jungfr\u00e4iske M\u00e4inskup<\/title>\n<meta name=\"robots\" content=\"index, follow, max-snippet:-1, max-image-preview:large, max-video-preview:-1\" \/>\n<link rel=\"canonical\" href=\"https:\/\/www.jungfraeiske-maeinskup.frl\/feraein\/us-foorstand\/\" \/>\n<meta property=\"og:locale\" content=\"de_DE\" \/>\n<meta property=\"og:type\" content=\"article\" \/>\n<meta property=\"og:title\" content=\"Unser Vorstand - Jungfr\u00e4iske M\u00e4inskup\" \/>\n<meta property=\"og:url\" content=\"https:\/\/www.jungfraeiske-maeinskup.frl\/feraein\/us-foorstand\/\" \/>\n<meta property=\"og:site_name\" content=\"Jungfr\u00e4iske M\u00e4inskup\" \/>\n<meta property=\"article:publisher\" content=\"https:\/\/www.facebook.com\/jfmfrl\/\" \/>\n<meta property=\"article:modified_time\" content=\"2025-12-16T10:33:10+00:00\" \/>\n<meta name=\"twitter:card\" content=\"summary_large_image\" \/>\n<meta name=\"twitter:label1\" content=\"Gesch\u00e4tzte Lesezeit\" \/>\n\t<meta name=\"twitter:data1\" content=\"1\u00a0Minute\" \/>\n<script type=\"application\/ld+json\" class=\"yoast-schema-graph\">{\"@context\":\"https:\/\/schema.org\",\"@graph\":[{\"@type\":\"WebPage\",\"@id\":\"https:\/\/www.jungfraeiske-maeinskup.frl\/feraein\/us-foorstand\/\",\"url\":\"https:\/\/www.jungfraeiske-maeinskup.frl\/feraein\/us-foorstand\/\",\"name\":\"Unser Vorstand - Jungfr\u00e4iske M\u00e4inskup\",\"isPartOf\":{\"@id\":\"https:\/\/www.jungfraeiske-maeinskup.frl\/#website\"},\"primaryImageOfPage\":{\"@id\":\"https:\/\/www.jungfraeiske-maeinskup.frl\/feraein\/us-foorstand\/#primaryimage\"},\"image\":{\"@id\":\"https:\/\/www.jungfraeiske-maeinskup.frl\/feraein\/us-foorstand\/#primaryimage\"},\"thumbnailUrl\":\"https:\/\/www.jungfraeiske-maeinskup.frl\/wp-content\/uploads\/2024\/02\/IMG-20230716-WA0000-edited-4.jpg\",\"datePublished\":\"2020-09-05T13:35:46+00:00\",\"dateModified\":\"2025-12-16T10:33:10+00:00\",\"breadcrumb\":{\"@id\":\"https:\/\/www.jungfraeiske-maeinskup.frl\/feraein\/us-foorstand\/#breadcrumb\"},\"inLanguage\":\"de\",\"potentialAction\":[{\"@type\":\"ReadAction\",\"target\":[\"https:\/\/www.jungfraeiske-maeinskup.frl\/feraein\/us-foorstand\/\"]}]},{\"@type\":\"ImageObject\",\"inLanguage\":\"de\",\"@id\":\"https:\/\/www.jungfraeiske-maeinskup.frl\/feraein\/us-foorstand\/#primaryimage\",\"url\":\"https:\/\/www.jungfraeiske-maeinskup.frl\/wp-content\/uploads\/2024\/02\/IMG-20230716-WA0000-edited-4.jpg\",\"contentUrl\":\"https:\/\/www.jungfraeiske-maeinskup.frl\/wp-content\/uploads\/2024\/02\/IMG-20230716-WA0000-edited-4.jpg\"},{\"@type\":\"BreadcrumbList\",\"@id\":\"https:\/\/www.jungfraeiske-maeinskup.frl\/feraein\/us-foorstand\/#breadcrumb\",\"itemListElement\":[{\"@type\":\"ListItem\",\"position\":1,\"name\":\"Startseite\",\"item\":\"https:\/\/www.jungfraeiske-maeinskup.frl\/\"},{\"@type\":\"ListItem\",\"position\":2,\"name\":\"Verein\",\"item\":\"https:\/\/www.jungfraeiske-maeinskup.frl\/feraein\/\"},{\"@type\":\"ListItem\",\"position\":3,\"name\":\"Unser Vorstand\"}]},{\"@type\":\"WebSite\",\"@id\":\"https:\/\/www.jungfraeiske-maeinskup.frl\/#website\",\"url\":\"https:\/\/www.jungfraeiske-maeinskup.frl\/\",\"name\":\"Jungfr\u00e4iske M\u00e4inskup\",\"description\":\"M\u00e4inskup f\u00f6\u00f6r t\u00f3\u00f3l un kult\u00fcer\",\"publisher\":{\"@id\":\"https:\/\/www.jungfraeiske-maeinskup.frl\/#organization\"},\"potentialAction\":[{\"@type\":\"SearchAction\",\"target\":{\"@type\":\"EntryPoint\",\"urlTemplate\":\"https:\/\/www.jungfraeiske-maeinskup.frl\/?s={search_term_string}\"},\"query-input\":{\"@type\":\"PropertyValueSpecification\",\"valueRequired\":true,\"valueName\":\"search_term_string\"}}],\"inLanguage\":\"de\"},{\"@type\":\"Organization\",\"@id\":\"https:\/\/www.jungfraeiske-maeinskup.frl\/#organization\",\"name\":\"Jungfr\u00e4iske M\u00e4inskup\",\"url\":\"https:\/\/www.jungfraeiske-maeinskup.frl\/\",\"logo\":{\"@type\":\"ImageObject\",\"inLanguage\":\"de\",\"@id\":\"https:\/\/www.jungfraeiske-maeinskup.frl\/#\/schema\/logo\/image\/\",\"url\":\"https:\/\/www.jungfraeiske-maeinskup.frl\/wp-content\/uploads\/2020\/09\/logo_mit_hg.jpg\",\"contentUrl\":\"https:\/\/www.jungfraeiske-maeinskup.frl\/wp-content\/uploads\/2020\/09\/logo_mit_hg.jpg\",\"width\":1800,\"height\":1800,\"caption\":\"Jungfr\u00e4iske M\u00e4inskup\"},\"image\":{\"@id\":\"https:\/\/www.jungfraeiske-maeinskup.frl\/#\/schema\/logo\/image\/\"},\"sameAs\":[\"https:\/\/www.facebook.com\/jfmfrl\/\"]}]}<\/script>\n<!-- \/ Yoast SEO plugin. -->","yoast_head_json":{"title":"Unser Vorstand - Jungfr\u00e4iske M\u00e4inskup","robots":{"index":"index","follow":"follow","max-snippet":"max-snippet:-1","max-image-preview":"max-image-preview:large","max-video-preview":"max-video-preview:-1"},"canonical":"https:\/\/www.jungfraeiske-maeinskup.frl\/feraein\/us-foorstand\/","og_locale":"de_DE","og_type":"article","og_title":"Unser Vorstand - Jungfr\u00e4iske M\u00e4inskup","og_url":"https:\/\/www.jungfraeiske-maeinskup.frl\/feraein\/us-foorstand\/","og_site_name":"Jungfr\u00e4iske M\u00e4inskup","article_publisher":"https:\/\/www.facebook.com\/jfmfrl\/","article_modified_time":"2025-12-16T10:33:10+00:00","twitter_card":"summary_large_image","twitter_misc":{"Gesch\u00e4tzte Lesezeit":"1\u00a0Minute"},"schema":{"@context":"https:\/\/schema.org","@graph":[{"@type":"WebPage","@id":"https:\/\/www.jungfraeiske-maeinskup.frl\/feraein\/us-foorstand\/","url":"https:\/\/www.jungfraeiske-maeinskup.frl\/feraein\/us-foorstand\/","name":"Unser Vorstand - Jungfr\u00e4iske M\u00e4inskup","isPartOf":{"@id":"https:\/\/www.jungfraeiske-maeinskup.frl\/#website"},"primaryImageOfPage":{"@id":"https:\/\/www.jungfraeiske-maeinskup.frl\/feraein\/us-foorstand\/#primaryimage"},"image":{"@id":"https:\/\/www.jungfraeiske-maeinskup.frl\/feraein\/us-foorstand\/#primaryimage"},"thumbnailUrl":"https:\/\/www.jungfraeiske-maeinskup.frl\/wp-content\/uploads\/2024\/02\/IMG-20230716-WA0000-edited-4.jpg","datePublished":"2020-09-05T13:35:46+00:00","dateModified":"2025-12-16T10:33:10+00:00","breadcrumb":{"@id":"https:\/\/www.jungfraeiske-maeinskup.frl\/feraein\/us-foorstand\/#breadcrumb"},"inLanguage":"de","potentialAction":[{"@type":"ReadAction","target":["https:\/\/www.jungfraeiske-maeinskup.frl\/feraein\/us-foorstand\/"]}]},{"@type":"ImageObject","inLanguage":"de","@id":"https:\/\/www.jungfraeiske-maeinskup.frl\/feraein\/us-foorstand\/#primaryimage","url":"https:\/\/www.jungfraeiske-maeinskup.frl\/wp-content\/uploads\/2024\/02\/IMG-20230716-WA0000-edited-4.jpg","contentUrl":"https:\/\/www.jungfraeiske-maeinskup.frl\/wp-content\/uploads\/2024\/02\/IMG-20230716-WA0000-edited-4.jpg"},{"@type":"BreadcrumbList","@id":"https:\/\/www.jungfraeiske-maeinskup.frl\/feraein\/us-foorstand\/#breadcrumb","itemListElement":[{"@type":"ListItem","position":1,"name":"Startseite","item":"https:\/\/www.jungfraeiske-maeinskup.frl\/"},{"@type":"ListItem","position":2,"name":"Verein","item":"https:\/\/www.jungfraeiske-maeinskup.frl\/feraein\/"},{"@type":"ListItem","position":3,"name":"Unser Vorstand"}]},{"@type":"WebSite","@id":"https:\/\/www.jungfraeiske-maeinskup.frl\/#website","url":"https:\/\/www.jungfraeiske-maeinskup.frl\/","name":"Jungfr\u00e4iske M\u00e4inskup","description":"M\u00e4inskup f\u00f6\u00f6r t\u00f3\u00f3l un kult\u00fcer","publisher":{"@id":"https:\/\/www.jungfraeiske-maeinskup.frl\/#organization"},"potentialAction":[{"@type":"SearchAction","target":{"@type":"EntryPoint","urlTemplate":"https:\/\/www.jungfraeiske-maeinskup.frl\/?s={search_term_string}"},"query-input":{"@type":"PropertyValueSpecification","valueRequired":true,"valueName":"search_term_string"}}],"inLanguage":"de"},{"@type":"Organization","@id":"https:\/\/www.jungfraeiske-maeinskup.frl\/#organization","name":"Jungfr\u00e4iske M\u00e4inskup","url":"https:\/\/www.jungfraeiske-maeinskup.frl\/","logo":{"@type":"ImageObject","inLanguage":"de","@id":"https:\/\/www.jungfraeiske-maeinskup.frl\/#\/schema\/logo\/image\/","url":"https:\/\/www.jungfraeiske-maeinskup.frl\/wp-content\/uploads\/2020\/09\/logo_mit_hg.jpg","contentUrl":"https:\/\/www.jungfraeiske-maeinskup.frl\/wp-content\/uploads\/2020\/09\/logo_mit_hg.jpg","width":1800,"height":1800,"caption":"Jungfr\u00e4iske M\u00e4inskup"},"image":{"@id":"https:\/\/www.jungfraeiske-maeinskup.frl\/#\/schema\/logo\/image\/"},"sameAs":["https:\/\/www.facebook.com\/jfmfrl\/"]}]}},"_links":{"self":[{"href":"https:\/\/www.jungfraeiske-maeinskup.frl\/de\/wp-json\/wp\/v2\/pages\/6","targetHints":{"allow":["GET"]}}],"collection":[{"href":"https:\/\/www.jungfraeiske-maeinskup.frl\/de\/wp-json\/wp\/v2\/pages"}],"about":[{"href":"https:\/\/www.jungfraeiske-maeinskup.frl\/de\/wp-json\/wp\/v2\/types\/page"}],"author":[{"embeddable":true,"href":"https:\/\/www.jungfraeiske-maeinskup.frl\/de\/wp-json\/wp\/v2\/users\/1"}],"replies":[{"embeddable":true,"href":"https:\/\/www.jungfraeiske-maeinskup.frl\/de\/wp-json\/wp\/v2\/comments?post=6"}],"version-history":[{"count":58,"href":"https:\/\/www.jungfraeiske-maeinskup.frl\/de\/wp-json\/wp\/v2\/pages\/6\/revisions"}],"predecessor-version":[{"id":2671,"href":"https:\/\/www.jungfraeiske-maeinskup.frl\/de\/wp-json\/wp\/v2\/pages\/6\/revisions\/2671"}],"up":[{"embeddable":true,"href":"https:\/\/www.jungfraeiske-maeinskup.frl\/de\/wp-json\/wp\/v2\/pages\/265"}],"wp:attachment":[{"href":"https:\/\/www.jungfraeiske-maeinskup.frl\/de\/wp-json\/wp\/v2\/media?parent=6"}],"curies":[{"name":"wp","href":"https:\/\/api.w.org\/{rel}","templated":true}]}}