{"id":80,"date":"2020-09-06T09:01:41","date_gmt":"2020-09-06T09:01:41","guid":{"rendered":"http:\/\/www.jungfraeiske-maeinskup.frl\/?page_id=80"},"modified":"2026-03-18T22:10:04","modified_gmt":"2026-03-18T20:10:04","slug":"us-tsiilen","status":"publish","type":"page","link":"https:\/\/www.jungfraeiske-maeinskup.frl\/de\/feraein\/us-tsiilen\/","title":{"rendered":"Unsere Ziele"},"content":{"rendered":"\n<p class=\"has-medium-font-size\"><strong>Unsere Mission \u2013 Warum gibt es uns?<\/strong><\/p>\n\n\n\n<p class=\"has-medium-font-size\">Eine friesische Zukunft in Europa.<\/p>\n\n\n\n<p class=\"has-medium-font-size\"><strong>Unsere Vision \u2013 Wo wollen wir hin?<\/strong><\/p>\n\n\n\n<p class=\"has-medium-font-size\">Wir wollen,  dass die Anerkennung der Friesen in Ostfriesland nach dem Rahmen\u00fcbereinkommen zum Schutz nationaler Minderheiten in der Praxis gelebt und umgesetzt wird. Dies wollen wir nicht nur sprachlich-kulturell, sondern auch politisch-verwaltungstechnisch.<\/p>\n\n\n\n<p class=\"has-medium-font-size\"><strong>Unsere Werte \u2013 An was glauben wir?<\/strong><\/p>\n\n\n\n<ul class=\"wp-block-list\">\n<li class=\"has-medium-font-size\">\u201eFriesisch\u201c ist keine regionale Kultur in Deutschland und den Niederlanden, sondern eine eigenst\u00e4ndige Kultur in Europa.<\/li>\n\n\n\n<li class=\"has-medium-font-size\">\u201eFriese ist, wer Friese sein will\u201c \u2013 Dieses Bekenntnis darf weder gepr\u00fcft noch angezweifelt werden.<\/li>\n\n\n\n<li class=\"has-medium-font-size\">\u201eFriese sein\u201c ist nicht mit Links- oder Rechtsextremismus vereinbar.<\/li>\n<\/ul>\n\n\n\n<p class=\"has-medium-font-size\"><strong>Unsere Ziele \u2013 Wof\u00fcr setzen wir uns ein?<\/strong><\/p>\n\n\n\n<ul class=\"wp-block-list\">\n<li class=\"has-medium-font-size\">Friesen in allen friesischen L\u00e4ndern miteinander zu verbinden und die interfriesische Zusammenarbeit zu f\u00f6rdern.<\/li>\n\n\n\n<li class=\"has-medium-font-size\">Kulturelle Selbstbestimmung f\u00fcr Ostfriesland zu erreichen.<\/li>\n\n\n\n<li class=\"has-medium-font-size\">Erhalt, Dokumentation und Ausbau des Ostfriesischen Platt und des Saterfriesischen.<\/li>\n\n\n\n<li class=\"has-medium-font-size\">Anerkennung des Ostfriesischen Platt als eigenst\u00e4ndige Kontaktsprache losgel\u00f6st vom Niederdeutschen\/Plattdeutschen<\/li>\n\n\n\n<li class=\"has-medium-font-size\">Vermittlung der friesischen Kultur.<\/li>\n<\/ul>\n\n\n\n<p><\/p>\n","protected":false},"excerpt":{"rendered":"<p>Unsere Mission \u2013 Warum gibt es uns? Eine friesische Zukunft in Europa. Unsere Vision \u2013 Wo wollen wir hin? Wir wollen, dass die Anerkennung der Friesen in Ostfriesland nach dem Rahmen\u00fcbereinkommen zum Schutz nationaler Minderheiten in der Praxis gelebt und umgesetzt wird. Dies wollen wir nicht nur sprachlich-kulturell, sondern auch politisch-verwaltungstechnisch. Unsere Werte \u2013 An [&hellip;]<\/p>\n","protected":false},"author":2,"featured_media":0,"parent":265,"menu_order":0,"comment_status":"closed","ping_status":"closed","template":"","meta":{"footnotes":""},"class_list":["post-80","page","type-page","status-publish","hentry"],"translation":{"provider":"WPGlobus","version":"3.0.2","language":"de","enabled_languages":["fs","de","en"],"languages":{"fs":{"title":true,"content":true,"excerpt":false},"de":{"title":true,"content":true,"excerpt":false},"en":{"title":true,"content":true,"excerpt":false}}},"yoast_head":"<!-- This site is optimized with the Yoast SEO plugin v27.1 - https:\/\/yoast.com\/product\/yoast-seo-wordpress\/ -->\n<title>Unsere Ziele - Jungfr\u00e4iske M\u00e4inskup<\/title>\n<meta name=\"robots\" content=\"index, follow, max-snippet:-1, max-image-preview:large, max-video-preview:-1\" \/>\n<link rel=\"canonical\" href=\"https:\/\/www.jungfraeiske-maeinskup.frl\/feraein\/us-tsiilen\/\" \/>\n<meta property=\"og:locale\" content=\"de_DE\" \/>\n<meta property=\"og:type\" content=\"article\" \/>\n<meta property=\"og:title\" content=\"Unsere Ziele - Jungfr\u00e4iske M\u00e4inskup\" \/>\n<meta property=\"og:url\" content=\"https:\/\/www.jungfraeiske-maeinskup.frl\/feraein\/us-tsiilen\/\" \/>\n<meta property=\"og:site_name\" content=\"Jungfr\u00e4iske M\u00e4inskup\" \/>\n<meta property=\"article:publisher\" content=\"https:\/\/www.facebook.com\/jfmfrl\/\" \/>\n<meta property=\"article:modified_time\" content=\"2026-03-18T20:10:04+00:00\" \/>\n<meta name=\"twitter:card\" content=\"summary_large_image\" \/>\n<meta name=\"twitter:label1\" content=\"Gesch\u00e4tzte Lesezeit\" \/>\n\t<meta name=\"twitter:data1\" content=\"1\u00a0Minute\" \/>\n<script type=\"application\/ld+json\" class=\"yoast-schema-graph\">{\"@context\":\"https:\/\/schema.org\",\"@graph\":[{\"@type\":\"WebPage\",\"@id\":\"https:\/\/www.jungfraeiske-maeinskup.frl\/feraein\/us-tsiilen\/\",\"url\":\"https:\/\/www.jungfraeiske-maeinskup.frl\/feraein\/us-tsiilen\/\",\"name\":\"Unsere Ziele - Jungfr\u00e4iske M\u00e4inskup\",\"isPartOf\":{\"@id\":\"https:\/\/www.jungfraeiske-maeinskup.frl\/#website\"},\"datePublished\":\"2020-09-06T09:01:41+00:00\",\"dateModified\":\"2026-03-18T20:10:04+00:00\",\"breadcrumb\":{\"@id\":\"https:\/\/www.jungfraeiske-maeinskup.frl\/feraein\/us-tsiilen\/#breadcrumb\"},\"inLanguage\":\"de\",\"potentialAction\":[{\"@type\":\"ReadAction\",\"target\":[\"https:\/\/www.jungfraeiske-maeinskup.frl\/feraein\/us-tsiilen\/\"]}]},{\"@type\":\"BreadcrumbList\",\"@id\":\"https:\/\/www.jungfraeiske-maeinskup.frl\/feraein\/us-tsiilen\/#breadcrumb\",\"itemListElement\":[{\"@type\":\"ListItem\",\"position\":1,\"name\":\"Startseite\",\"item\":\"https:\/\/www.jungfraeiske-maeinskup.frl\/\"},{\"@type\":\"ListItem\",\"position\":2,\"name\":\"Verein\",\"item\":\"https:\/\/www.jungfraeiske-maeinskup.frl\/feraein\/\"},{\"@type\":\"ListItem\",\"position\":3,\"name\":\"Unsere Ziele\"}]},{\"@type\":\"WebSite\",\"@id\":\"https:\/\/www.jungfraeiske-maeinskup.frl\/#website\",\"url\":\"https:\/\/www.jungfraeiske-maeinskup.frl\/\",\"name\":\"Jungfr\u00e4iske M\u00e4inskup\",\"description\":\"M\u00e4inskup f\u00f6\u00f6r t\u00f3\u00f3l un kult\u00fcer\",\"publisher\":{\"@id\":\"https:\/\/www.jungfraeiske-maeinskup.frl\/#organization\"},\"potentialAction\":[{\"@type\":\"SearchAction\",\"target\":{\"@type\":\"EntryPoint\",\"urlTemplate\":\"https:\/\/www.jungfraeiske-maeinskup.frl\/?s={search_term_string}\"},\"query-input\":{\"@type\":\"PropertyValueSpecification\",\"valueRequired\":true,\"valueName\":\"search_term_string\"}}],\"inLanguage\":\"de\"},{\"@type\":\"Organization\",\"@id\":\"https:\/\/www.jungfraeiske-maeinskup.frl\/#organization\",\"name\":\"Jungfr\u00e4iske M\u00e4inskup\",\"url\":\"https:\/\/www.jungfraeiske-maeinskup.frl\/\",\"logo\":{\"@type\":\"ImageObject\",\"inLanguage\":\"de\",\"@id\":\"https:\/\/www.jungfraeiske-maeinskup.frl\/#\/schema\/logo\/image\/\",\"url\":\"https:\/\/www.jungfraeiske-maeinskup.frl\/wp-content\/uploads\/2020\/09\/logo_mit_hg.jpg\",\"contentUrl\":\"https:\/\/www.jungfraeiske-maeinskup.frl\/wp-content\/uploads\/2020\/09\/logo_mit_hg.jpg\",\"width\":1800,\"height\":1800,\"caption\":\"Jungfr\u00e4iske M\u00e4inskup\"},\"image\":{\"@id\":\"https:\/\/www.jungfraeiske-maeinskup.frl\/#\/schema\/logo\/image\/\"},\"sameAs\":[\"https:\/\/www.facebook.com\/jfmfrl\/\"]}]}<\/script>\n<!-- \/ Yoast SEO plugin. -->","yoast_head_json":{"title":"Unsere Ziele - Jungfr\u00e4iske M\u00e4inskup","robots":{"index":"index","follow":"follow","max-snippet":"max-snippet:-1","max-image-preview":"max-image-preview:large","max-video-preview":"max-video-preview:-1"},"canonical":"https:\/\/www.jungfraeiske-maeinskup.frl\/feraein\/us-tsiilen\/","og_locale":"de_DE","og_type":"article","og_title":"Unsere Ziele - Jungfr\u00e4iske M\u00e4inskup","og_url":"https:\/\/www.jungfraeiske-maeinskup.frl\/feraein\/us-tsiilen\/","og_site_name":"Jungfr\u00e4iske M\u00e4inskup","article_publisher":"https:\/\/www.facebook.com\/jfmfrl\/","article_modified_time":"2026-03-18T20:10:04+00:00","twitter_card":"summary_large_image","twitter_misc":{"Gesch\u00e4tzte Lesezeit":"1\u00a0Minute"},"schema":{"@context":"https:\/\/schema.org","@graph":[{"@type":"WebPage","@id":"https:\/\/www.jungfraeiske-maeinskup.frl\/feraein\/us-tsiilen\/","url":"https:\/\/www.jungfraeiske-maeinskup.frl\/feraein\/us-tsiilen\/","name":"Unsere Ziele - Jungfr\u00e4iske M\u00e4inskup","isPartOf":{"@id":"https:\/\/www.jungfraeiske-maeinskup.frl\/#website"},"datePublished":"2020-09-06T09:01:41+00:00","dateModified":"2026-03-18T20:10:04+00:00","breadcrumb":{"@id":"https:\/\/www.jungfraeiske-maeinskup.frl\/feraein\/us-tsiilen\/#breadcrumb"},"inLanguage":"de","potentialAction":[{"@type":"ReadAction","target":["https:\/\/www.jungfraeiske-maeinskup.frl\/feraein\/us-tsiilen\/"]}]},{"@type":"BreadcrumbList","@id":"https:\/\/www.jungfraeiske-maeinskup.frl\/feraein\/us-tsiilen\/#breadcrumb","itemListElement":[{"@type":"ListItem","position":1,"name":"Startseite","item":"https:\/\/www.jungfraeiske-maeinskup.frl\/"},{"@type":"ListItem","position":2,"name":"Verein","item":"https:\/\/www.jungfraeiske-maeinskup.frl\/feraein\/"},{"@type":"ListItem","position":3,"name":"Unsere Ziele"}]},{"@type":"WebSite","@id":"https:\/\/www.jungfraeiske-maeinskup.frl\/#website","url":"https:\/\/www.jungfraeiske-maeinskup.frl\/","name":"Jungfr\u00e4iske M\u00e4inskup","description":"M\u00e4inskup f\u00f6\u00f6r t\u00f3\u00f3l un kult\u00fcer","publisher":{"@id":"https:\/\/www.jungfraeiske-maeinskup.frl\/#organization"},"potentialAction":[{"@type":"SearchAction","target":{"@type":"EntryPoint","urlTemplate":"https:\/\/www.jungfraeiske-maeinskup.frl\/?s={search_term_string}"},"query-input":{"@type":"PropertyValueSpecification","valueRequired":true,"valueName":"search_term_string"}}],"inLanguage":"de"},{"@type":"Organization","@id":"https:\/\/www.jungfraeiske-maeinskup.frl\/#organization","name":"Jungfr\u00e4iske M\u00e4inskup","url":"https:\/\/www.jungfraeiske-maeinskup.frl\/","logo":{"@type":"ImageObject","inLanguage":"de","@id":"https:\/\/www.jungfraeiske-maeinskup.frl\/#\/schema\/logo\/image\/","url":"https:\/\/www.jungfraeiske-maeinskup.frl\/wp-content\/uploads\/2020\/09\/logo_mit_hg.jpg","contentUrl":"https:\/\/www.jungfraeiske-maeinskup.frl\/wp-content\/uploads\/2020\/09\/logo_mit_hg.jpg","width":1800,"height":1800,"caption":"Jungfr\u00e4iske M\u00e4inskup"},"image":{"@id":"https:\/\/www.jungfraeiske-maeinskup.frl\/#\/schema\/logo\/image\/"},"sameAs":["https:\/\/www.facebook.com\/jfmfrl\/"]}]}},"_links":{"self":[{"href":"https:\/\/www.jungfraeiske-maeinskup.frl\/de\/wp-json\/wp\/v2\/pages\/80","targetHints":{"allow":["GET"]}}],"collection":[{"href":"https:\/\/www.jungfraeiske-maeinskup.frl\/de\/wp-json\/wp\/v2\/pages"}],"about":[{"href":"https:\/\/www.jungfraeiske-maeinskup.frl\/de\/wp-json\/wp\/v2\/types\/page"}],"author":[{"embeddable":true,"href":"https:\/\/www.jungfraeiske-maeinskup.frl\/de\/wp-json\/wp\/v2\/users\/2"}],"replies":[{"embeddable":true,"href":"https:\/\/www.jungfraeiske-maeinskup.frl\/de\/wp-json\/wp\/v2\/comments?post=80"}],"version-history":[{"count":61,"href":"https:\/\/www.jungfraeiske-maeinskup.frl\/de\/wp-json\/wp\/v2\/pages\/80\/revisions"}],"predecessor-version":[{"id":2707,"href":"https:\/\/www.jungfraeiske-maeinskup.frl\/de\/wp-json\/wp\/v2\/pages\/80\/revisions\/2707"}],"up":[{"embeddable":true,"href":"https:\/\/www.jungfraeiske-maeinskup.frl\/de\/wp-json\/wp\/v2\/pages\/265"}],"wp:attachment":[{"href":"https:\/\/www.jungfraeiske-maeinskup.frl\/de\/wp-json\/wp\/v2\/media?parent=80"}],"curies":[{"name":"wp","href":"https:\/\/api.w.org\/{rel}","templated":true}]}}